{"id":2636,"date":"2019-01-28T11:13:04","date_gmt":"2019-01-28T10:13:04","guid":{"rendered":"http:\/\/www.kremacezviratostrava.cz\/shop\/?post_type=product&#038;p=2636"},"modified":"2019-02-13T18:34:08","modified_gmt":"2019-02-13T17:34:08","slug":"podstavec","status":"publish","type":"product","link":"http:\/\/www.kremacezviratostrava.cz\/shop\/produkt\/podstavec\/","title":{"rendered":"Podstavec granit"},"content":{"rendered":"<p>Podstavec z&nbsp;granitu pod&nbsp;pam\u00e1te\u010dn\u00ed sklo. Na&nbsp;p\u0159edn\u00ed stranu podstavce lze za p\u0159\u00edplatek p\u00edskovat text.<\/p>\n<p><strong>Rozm\u011bry:<\/strong>\u00a0rozm\u011br 10 x 10 x 2 cm<\/p>\n<p><strong>Text:<\/strong>\u00a0ANO<br \/>\nNa&nbsp;podstavec je mo\u017en\u00e9 p\u0159iobjednat p\u00edskov\u00e1n\u00ed textu.<\/p>\n<p><strong>Dutina na&nbsp;popel:<\/strong>\u00a0NE<\/p>\n<p><strong>Materi\u00e1l:<\/strong>\u00a0Granit<\/p>\n<p><strong>Um\u00edst\u011bn\u00ed:<\/strong> Interi\u00e9r<\/p>\n","protected":false},"excerpt":{"rendered":"<p>Podstavec z&nbsp;granitu<br \/>\n&nbsp;<br \/>\nrozm\u011br 10 x 10 x 2 cm<br \/>\n<span style=\"color: #ce534d;\">B\u011b\u017en\u011b u&nbsp;dodavatele, obvykl\u00e9 dod\u00e1n\u00ed 7-14 dn\u016f<\/span>&hellip; <a class=\"kt-excerpt-readmore more-link\" href=\"http:\/\/www.kremacezviratostrava.cz\/shop\/produkt\/podstavec\/\">\u010ct\u011bte v\u00edce<\/a><\/p>\n","protected":false},"featured_media":2637,"comment_status":"open","ping_status":"closed","template":"","meta":[],"product_cat":[163],"product_tag":[166],"_links":{"self":[{"href":"http:\/\/www.kremacezviratostrava.cz\/shop\/wp-json\/wp\/v2\/product\/2636"}],"collection":[{"href":"http:\/\/www.kremacezviratostrava.cz\/shop\/wp-json\/wp\/v2\/product"}],"about":[{"href":"http:\/\/www.kremacezviratostrava.cz\/shop\/wp-json\/wp\/v2\/types\/product"}],"replies":[{"embeddable":true,"href":"http:\/\/www.kremacezviratostrava.cz\/shop\/wp-json\/wp\/v2\/comments?post=2636"}],"wp:featuredmedia":[{"embeddable":true,"href":"http:\/\/www.kremacezviratostrava.cz\/shop\/wp-json\/wp\/v2\/media\/2637"}],"wp:attachment":[{"href":"http:\/\/www.kremacezviratostrava.cz\/shop\/wp-json\/wp\/v2\/media?parent=2636"}],"wp:term":[{"taxonomy":"product_cat","embeddable":true,"href":"http:\/\/www.kremacezviratostrava.cz\/shop\/wp-json\/wp\/v2\/product_cat?post=2636"},{"taxonomy":"product_tag","embeddable":true,"href":"http:\/\/www.kremacezviratostrava.cz\/shop\/wp-json\/wp\/v2\/product_tag?post=2636"}],"curies":[{"name":"wp","href":"https:\/\/api.w.org\/{rel}","templated":true}]}}